{"id":9,"date":"2024-10-31T08:53:51","date_gmt":"2024-10-31T08:53:51","guid":{"rendered":"http:\/\/ferie-zimowe-w-gorach.pl\/?page_id=9"},"modified":"2024-10-31T09:03:39","modified_gmt":"2024-10-31T09:03:39","slug":"ferie-zimowe-w-gorach","status":"publish","type":"page","link":"https:\/\/ferie-zimowe-w-gorach.pl\/","title":{"rendered":"Ferie zimowe w g\u00f3rach"},"content":{"rendered":"\n<h2 class=\"wp-block-heading\"><strong>Ferie zimowe w g\u00f3rach \u2013 magia w Szklarskiej Por\u0119bie<\/strong><\/h2>\n\n\n\n<p>Ferie zimowe to czas, kiedy polskie g\u00f3ry zamieniaj\u0105 si\u0119 w krain\u0119 bieli, a powietrze nasyca si\u0119 aromatem cynamonu i grzanego wina. W Szklarskiej Por\u0119bie, sercu Karkonoszy, znajduje si\u0119 Hotel Bergo \u2013 miejsce, kt\u00f3re idealnie wpisuje si\u0119 w marzenia o idealnych zimowych wakacjach. A co, je\u015bli <strong><a href=\"https:\/\/www.bergohotel.pl\/hotel\/aktualnosci\/ferie-zimowe-w-gorach-w-szklarskiej-porebie\">ferie zimowe w g\u00f3rach<\/a><\/strong> to co\u015b wi\u0119cej ni\u017c tylko widoki? W Hotelu Bergo ferie nabieraj\u0105 zupe\u0142nie innego wymiaru: to pe\u0142ne przyg\u00f3d dni, relaksuj\u0105ce wieczory i mn\u00f3stwo rado\u015bci dla ca\u0142ej rodziny. Czas, aby pozna\u0107, co sprawia, \u017ce ferie w Bergo to wyj\u0105tkowy pomys\u0142 na zimowy wypoczynek.<\/p>\n\n\n\n<figure class=\"wp-block-gallery has-nested-images columns-default is-cropped wp-block-gallery-1 is-layout-flex wp-block-gallery-is-layout-flex\">\n<figure class=\"wp-block-image size-large\"><img loading=\"lazy\" decoding=\"async\" width=\"768\" height=\"1024\" data-id=\"30\" src=\"http:\/\/ferie-zimowe-w-gorach.pl\/wp-content\/uploads\/2024\/10\/bradley-O8ow8TVrK1o-unsplash-768x1024.jpg\" alt=\"zima w g\u00f3rach\" class=\"wp-image-30\" srcset=\"https:\/\/ferie-zimowe-w-gorach.pl\/wp-content\/uploads\/2024\/10\/bradley-O8ow8TVrK1o-unsplash-768x1024.jpg 768w, https:\/\/ferie-zimowe-w-gorach.pl\/wp-content\/uploads\/2024\/10\/bradley-O8ow8TVrK1o-unsplash-225x300.jpg 225w, https:\/\/ferie-zimowe-w-gorach.pl\/wp-content\/uploads\/2024\/10\/bradley-O8ow8TVrK1o-unsplash-1152x1536.jpg 1152w, https:\/\/ferie-zimowe-w-gorach.pl\/wp-content\/uploads\/2024\/10\/bradley-O8ow8TVrK1o-unsplash-1536x2048.jpg 1536w, https:\/\/ferie-zimowe-w-gorach.pl\/wp-content\/uploads\/2024\/10\/bradley-O8ow8TVrK1o-unsplash-scaled.jpg 1920w\" sizes=\"(max-width: 767px) 89vw, (max-width: 1000px) 54vw, (max-width: 1071px) 543px, 580px\" \/><\/figure>\n<\/figure>\n\n\n\n<h2 class=\"wp-block-heading\"><strong>Komfortowe pokoje w g\u00f3rskiej scenerii<\/strong><\/h2>\n\n\n\n<p>Hotel Bergo to nie tylko pi\u0119ciogwiazdkowy standard \u2013 to prawdziwa oaza komfortu i elegancji, po\u0142o\u017cona w malowniczej scenerii Karkonoszy. Wyb\u00f3r pokoju, od klasycznego po luksusowy apartament, gwarantuje, \u017ce ka\u017cdy znajdzie przestrze\u0144 dla siebie. Dzieci do lat trzech \u015bpi\u0105 tu bezp\u0142atnie z rodzicami, a przyjazna obs\u0142uga zadba o ka\u017cdy szczeg\u00f3\u0142, aby\u015bcie mogli cieszy\u0107 si\u0119 prawdziwym relaksem. Ferie zimowe w g\u00f3rach zyskuj\u0105 tutaj nowy wymiar, kiedy po dniu pe\u0142nym aktywno\u015bci wracamy do ciep\u0142ego, przytulnego pokoju.<\/p>\n\n\n\n<h2 class=\"wp-block-heading\"><strong>Atrakcje dla ca\u0142ej rodziny \u2013 ferie zimowe w g\u00f3rach pe\u0142ne wra\u017ce\u0144<\/strong><\/h2>\n\n\n\n<p>Ferie w g\u00f3rach to przecie\u017c nie tylko narciarstwo. Dla go\u015bci Bergo przygotowano bogaty program animacji \u2013 dzieci i doro\u015bli mog\u0105 liczy\u0107 na specjalne warsztaty, zaj\u0119cia i codzienne animacje, kt\u00f3re pozwol\u0105 poczu\u0107 si\u0119 jak w zimowej ba\u015bni. Hotel oferuje tak\u017ce codzienne dobranocki w Kids Clubie z lemoniad\u0105 i popcornem, a dla najm\u0142odszych dost\u0119pne s\u0105 sanki i jab\u0142uszka do wypo\u017cyczania. Oczywi\u015bcie, nie mog\u0142o zabrakn\u0105\u0107 tak\u017ce animacji z uroczymi alpakami czy spotka\u0144 z ptakami drapie\u017cnymi, kt\u00f3re zachwycaj\u0105 ka\u017cdego ma\u0142ego odkrywc\u0119!<\/p>\n\n\n\n<h2 class=\"wp-block-heading\"><strong>Ferie zimowe w g\u00f3rach dla smakoszy<\/strong><\/h2>\n\n\n\n<p>Hotelowa Restauracja Bergo, nagradzana za swoje wyj\u0105tkowe dania, serwuje \u015bniadania i kolacje w formie bufetu, kt\u00f3re zachwyc\u0105 nawet najbardziej wymagaj\u0105cych smakoszy. W menu znajdziemy lokalne przysmaki, przygotowane z pasj\u0105 i mi\u0142o\u015bci\u0105 do karkonoskiej kuchni, kt\u00f3re idealnie uzupe\u0142niaj\u0105 zimowy klimat. Dla doros\u0142ych hotel organizuje wieczorne ogniska nad strumykiem \u2013 grzaniec i czekolada dla najm\u0142odszych, a dla tych, kt\u00f3rzy kochaj\u0105 smakowanie, dost\u0119pny jest pakiet &#8222;ognisko&#8221; z zestawem do samodzielnego grillowania.<\/p>\n\n\n\n<h2 class=\"wp-block-heading\"><strong>Relaks i wellness \u2013 odpoczynek po zimowych przygodach<\/strong><\/h2>\n\n\n\n<p>C\u00f3\u017c to za ferie zimowe w g\u00f3rach bez odrobiny luksusu? W Hotelu Bergo strefa Wellness oferuje kryty basen z brodzikiem dla dzieci, jacuzzi zewn\u0119trzne oraz sauny. Dla tych, kt\u00f3rzy szukaj\u0105 czego\u015b wi\u0119cej, spa hotelowe przygotowa\u0142o wyj\u0105tkowe zabiegi, kt\u00f3re zapewni\u0105 g\u0142\u0119boki relaks i ukojenie po dniu pe\u0142nym zimowych aktywno\u015bci. Dzi\u0119ki temu, ka\u017cdy dzie\u0144 mo\u017cna zako\u0144czy\u0107 chwil\u0105 dla siebie, zanurzy\u0107 si\u0119 w gor\u0105cej k\u0105pieli z widokiem na zimow\u0105 sceneri\u0119 Karkonoszy i rozkoszowa\u0107 si\u0119 spokojem, jakiego nie znajdzie si\u0119 nigdzie indziej.<\/p>\n\n\n\n<h2 class=\"wp-block-heading\"><strong>Aktywno\u015bci na \u015bwie\u017cym powietrzu \u2013 ferie zimowe w g\u00f3rach pe\u0142ne \u015bnie\u017cnych przyg\u00f3d<\/strong><\/h2>\n\n\n\n<p>Nie ma zimy bez \u015bniegu, a w Szklarskiej Por\u0119bie biel pokrywa zbocza a\u017c po horyzont. Hotel Bergo oferuje zni\u017cki na karnety w Szrenica Ski Arena oraz na wypo\u017cyczenie sprz\u0119tu narciarskiego i snowboardowego, co sprawia, \u017ce ka\u017cdy dzie\u0144 mo\u017cna sp\u0119dzi\u0107 na stoku. Szklarska Por\u0119ba s\u0142ynie ze \u015bwietnych tras narciarskich, kt\u00f3re zachwyc\u0105 zar\u00f3wno amator\u00f3w, jak i zawodowc\u00f3w. Dodatkowo, dla tych, kt\u00f3rzy chc\u0105 dopiero zacz\u0105\u0107 swoj\u0105 przygod\u0119 z nartami, Bergo oferuje 15% zni\u017cki na lekcje w zaprzyja\u017anionej szkole narciarskiej.<\/p>\n\n\n\n<figure class=\"wp-block-gallery has-nested-images columns-default is-cropped wp-block-gallery-2 is-layout-flex wp-block-gallery-is-layout-flex\">\n<figure class=\"wp-block-image size-large\"><img loading=\"lazy\" decoding=\"async\" width=\"1024\" height=\"617\" data-id=\"31\" src=\"http:\/\/ferie-zimowe-w-gorach.pl\/wp-content\/uploads\/2024\/10\/getty-images-4tJCR4bthno-unsplash-1024x617.jpg\" alt=\"rodzina na \u015bniegu\n\" class=\"wp-image-31\" srcset=\"https:\/\/ferie-zimowe-w-gorach.pl\/wp-content\/uploads\/2024\/10\/getty-images-4tJCR4bthno-unsplash-1024x617.jpg 1024w, https:\/\/ferie-zimowe-w-gorach.pl\/wp-content\/uploads\/2024\/10\/getty-images-4tJCR4bthno-unsplash-300x181.jpg 300w, https:\/\/ferie-zimowe-w-gorach.pl\/wp-content\/uploads\/2024\/10\/getty-images-4tJCR4bthno-unsplash-768x463.jpg 768w, https:\/\/ferie-zimowe-w-gorach.pl\/wp-content\/uploads\/2024\/10\/getty-images-4tJCR4bthno-unsplash-1536x926.jpg 1536w, https:\/\/ferie-zimowe-w-gorach.pl\/wp-content\/uploads\/2024\/10\/getty-images-4tJCR4bthno-unsplash-2048x1234.jpg 2048w\" sizes=\"(max-width: 767px) 89vw, (max-width: 1000px) 54vw, (max-width: 1071px) 543px, 580px\" \/><\/figure>\n<\/figure>\n\n\n\n<h2 class=\"wp-block-heading\"><strong>Co\u015b dla ducha \u2013 ferie zimowe w g\u00f3rach w klimacie Bergo<\/strong><\/h2>\n\n\n\n<p>Ferie zimowe w g\u00f3rach to tak\u017ce czas na refleksj\u0119 i odkrywanie pi\u0119kna natury. Hotel Bergo to nie tylko komfort i luksus, ale tak\u017ce mo\u017cliwo\u015b\u0107 obcowania z przyrod\u0105 Karkonoszy. Blisko\u015b\u0107 g\u00f3rskich szlak\u00f3w pozwala na d\u0142ugie spacery, a hotelowe animacje i warsztaty, w tym barma\u0144skie sobotnie warsztaty oraz koncerty muzyki na \u017cywo, dodaj\u0105 feriom szczypty magii. Wieczory w Bergo to czas na relaks, gdzie mo\u017cna odpocz\u0105\u0107 w gronie rodziny, ciesz\u0105c si\u0119 d\u017awi\u0119kami muzyki i rozmowami przy kominku.<\/p>\n\n\n\n<hr class=\"wp-block-separator has-alpha-channel-opacity\"\/>\n\n\n\n<h2 class=\"wp-block-heading\"><strong>A mo\u017ce ferie zimowe w g\u00f3rach z Hotel Bergo?<\/strong><\/h2>\n\n\n\n<p>Brzmi jak idealny plan na ferie zimowe w g\u00f3rach, prawda? Hotel Bergo w Szklarskiej Por\u0119bie to miejsce, kt\u00f3re zamieni Twoje zimowe wakacje w magiczn\u0105 opowie\u015b\u0107. Czeka tu na Ciebie relaks, komfort i niezliczone atrakcje dla ca\u0142ej rodziny. Wi\u0119c czemu nie sp\u0119dzi\u0107 ferii w\u0142a\u015bnie tutaj? Razem z Hotel Bergo odkryjesz zimowe uroki Karkonoszy i stworzysz wspomnienia, kt\u00f3re pozostan\u0105 z Tob\u0105 na d\u0142ugo.<\/p>\n\n\n\n<p><\/p>\n","protected":false},"excerpt":{"rendered":"<p>Ferie zimowe w g\u00f3rach \u2013 magia w Szklarskiej Por\u0119bie Ferie zimowe to czas, kiedy polskie g\u00f3ry zamieniaj\u0105 si\u0119 w krain\u0119 bieli, a powietrze nasyca si\u0119 aromatem cynamonu i grzanego wina. W Szklarskiej Por\u0119bie, sercu Karkonoszy, znajduje si\u0119 Hotel Bergo \u2013 miejsce, kt\u00f3re idealnie wpisuje si\u0119 w marzenia o idealnych zimowych wakacjach. A co, je\u015bli ferie &hellip; <\/p>\n<p class=\"link-more\"><a href=\"https:\/\/ferie-zimowe-w-gorach.pl\/\" class=\"more-link\">Czytaj dalej<span class=\"screen-reader-text\"> \u201eFerie zimowe w g\u00f3rach\u201d<\/span><\/a><\/p>\n","protected":false},"author":1,"featured_media":0,"parent":0,"menu_order":0,"comment_status":"closed","ping_status":"closed","template":"","meta":{"footnotes":""},"class_list":["post-9","page","type-page","status-publish","hentry"],"yoast_head":"<!-- This site is optimized with the Yoast SEO plugin v25.6 - https:\/\/yoast.com\/wordpress\/plugins\/seo\/ -->\n<title>Ferie zimowe w g\u00f3rach - magia w Szklarskiej Por\u0119bie - ferie-zimowe-w-gorach.pl<\/title>\n<meta name=\"description\" content=\"Ferie zimowe w g\u00f3rach to czas, kiedy polskie g\u00f3ry zamieniaj\u0105 si\u0119 w krain\u0119 bieli, a powietrze nasyca si\u0119 aromatem cynamonu i grzanego wina.\" \/>\n<meta name=\"robots\" content=\"index, follow, max-snippet:-1, max-image-preview:large, max-video-preview:-1\" \/>\n<link rel=\"canonical\" href=\"http:\/\/ferie-zimowe-w-gorach.pl\/\" \/>\n<meta property=\"og:locale\" content=\"pl_PL\" \/>\n<meta property=\"og:type\" content=\"article\" \/>\n<meta property=\"og:title\" content=\"Ferie zimowe w g\u00f3rach - magia w Szklarskiej Por\u0119bie - ferie-zimowe-w-gorach.pl\" \/>\n<meta property=\"og:description\" content=\"Ferie zimowe w g\u00f3rach to czas, kiedy polskie g\u00f3ry zamieniaj\u0105 si\u0119 w krain\u0119 bieli, a powietrze nasyca si\u0119 aromatem cynamonu i grzanego wina.\" \/>\n<meta property=\"og:url\" content=\"http:\/\/ferie-zimowe-w-gorach.pl\/\" \/>\n<meta property=\"og:site_name\" content=\"ferie-zimowe-w-gorach.pl\" \/>\n<meta property=\"article:modified_time\" content=\"2024-10-31T09:03:39+00:00\" \/>\n<meta property=\"og:image\" content=\"http:\/\/ferie-zimowe-w-gorach.pl\/wp-content\/uploads\/2024\/10\/bradley-O8ow8TVrK1o-unsplash-768x1024.jpg\" \/>\n<meta name=\"twitter:card\" content=\"summary_large_image\" \/>\n<meta name=\"twitter:label1\" content=\"Szacowany czas czytania\" \/>\n\t<meta name=\"twitter:data1\" content=\"5 minut\" \/>\n<script type=\"application\/ld+json\" class=\"yoast-schema-graph\">{\"@context\":\"https:\/\/schema.org\",\"@graph\":[{\"@type\":\"WebPage\",\"@id\":\"http:\/\/ferie-zimowe-w-gorach.pl\/\",\"url\":\"http:\/\/ferie-zimowe-w-gorach.pl\/\",\"name\":\"Ferie zimowe w g\u00f3rach - magia w Szklarskiej Por\u0119bie - ferie-zimowe-w-gorach.pl\",\"isPartOf\":{\"@id\":\"http:\/\/ferie-zimowe-w-gorach.pl\/#website\"},\"primaryImageOfPage\":{\"@id\":\"http:\/\/ferie-zimowe-w-gorach.pl\/#primaryimage\"},\"image\":{\"@id\":\"http:\/\/ferie-zimowe-w-gorach.pl\/#primaryimage\"},\"thumbnailUrl\":\"http:\/\/ferie-zimowe-w-gorach.pl\/wp-content\/uploads\/2024\/10\/bradley-O8ow8TVrK1o-unsplash-768x1024.jpg\",\"datePublished\":\"2024-10-31T08:53:51+00:00\",\"dateModified\":\"2024-10-31T09:03:39+00:00\",\"description\":\"Ferie zimowe w g\u00f3rach to czas, kiedy polskie g\u00f3ry zamieniaj\u0105 si\u0119 w krain\u0119 bieli, a powietrze nasyca si\u0119 aromatem cynamonu i grzanego wina.\",\"breadcrumb\":{\"@id\":\"http:\/\/ferie-zimowe-w-gorach.pl\/#breadcrumb\"},\"inLanguage\":\"pl-PL\",\"potentialAction\":[{\"@type\":\"ReadAction\",\"target\":[\"http:\/\/ferie-zimowe-w-gorach.pl\/\"]}]},{\"@type\":\"ImageObject\",\"inLanguage\":\"pl-PL\",\"@id\":\"http:\/\/ferie-zimowe-w-gorach.pl\/#primaryimage\",\"url\":\"https:\/\/ferie-zimowe-w-gorach.pl\/wp-content\/uploads\/2024\/10\/bradley-O8ow8TVrK1o-unsplash-scaled.jpg\",\"contentUrl\":\"https:\/\/ferie-zimowe-w-gorach.pl\/wp-content\/uploads\/2024\/10\/bradley-O8ow8TVrK1o-unsplash-scaled.jpg\",\"width\":1920,\"height\":2560,\"caption\":\"zima w g\u00f3rach\"},{\"@type\":\"BreadcrumbList\",\"@id\":\"http:\/\/ferie-zimowe-w-gorach.pl\/#breadcrumb\",\"itemListElement\":[{\"@type\":\"ListItem\",\"position\":1,\"name\":\"Strona g\u0142\u00f3wna\",\"item\":\"http:\/\/ferie-zimowe-w-gorach.pl\/\"},{\"@type\":\"ListItem\",\"position\":2,\"name\":\"Ferie zimowe w g\u00f3rach\"}]},{\"@type\":\"WebSite\",\"@id\":\"http:\/\/ferie-zimowe-w-gorach.pl\/#website\",\"url\":\"http:\/\/ferie-zimowe-w-gorach.pl\/\",\"name\":\"ferie-zimowe-w-gorach.pl\",\"description\":\"Ferie zimowe w g&oacute;rach &ndash; magia w Szklarskiej Por\u0119bie\",\"potentialAction\":[{\"@type\":\"SearchAction\",\"target\":{\"@type\":\"EntryPoint\",\"urlTemplate\":\"http:\/\/ferie-zimowe-w-gorach.pl\/?s={search_term_string}\"},\"query-input\":{\"@type\":\"PropertyValueSpecification\",\"valueRequired\":true,\"valueName\":\"search_term_string\"}}],\"inLanguage\":\"pl-PL\"}]}<\/script>\n<!-- \/ Yoast SEO plugin. -->","yoast_head_json":{"title":"Ferie zimowe w g\u00f3rach - magia w Szklarskiej Por\u0119bie - ferie-zimowe-w-gorach.pl","description":"Ferie zimowe w g\u00f3rach to czas, kiedy polskie g\u00f3ry zamieniaj\u0105 si\u0119 w krain\u0119 bieli, a powietrze nasyca si\u0119 aromatem cynamonu i grzanego wina.","robots":{"index":"index","follow":"follow","max-snippet":"max-snippet:-1","max-image-preview":"max-image-preview:large","max-video-preview":"max-video-preview:-1"},"canonical":"http:\/\/ferie-zimowe-w-gorach.pl\/","og_locale":"pl_PL","og_type":"article","og_title":"Ferie zimowe w g\u00f3rach - magia w Szklarskiej Por\u0119bie - ferie-zimowe-w-gorach.pl","og_description":"Ferie zimowe w g\u00f3rach to czas, kiedy polskie g\u00f3ry zamieniaj\u0105 si\u0119 w krain\u0119 bieli, a powietrze nasyca si\u0119 aromatem cynamonu i grzanego wina.","og_url":"http:\/\/ferie-zimowe-w-gorach.pl\/","og_site_name":"ferie-zimowe-w-gorach.pl","article_modified_time":"2024-10-31T09:03:39+00:00","og_image":[{"url":"http:\/\/ferie-zimowe-w-gorach.pl\/wp-content\/uploads\/2024\/10\/bradley-O8ow8TVrK1o-unsplash-768x1024.jpg","type":"","width":"","height":""}],"twitter_card":"summary_large_image","twitter_misc":{"Szacowany czas czytania":"5 minut"},"schema":{"@context":"https:\/\/schema.org","@graph":[{"@type":"WebPage","@id":"http:\/\/ferie-zimowe-w-gorach.pl\/","url":"http:\/\/ferie-zimowe-w-gorach.pl\/","name":"Ferie zimowe w g\u00f3rach - magia w Szklarskiej Por\u0119bie - ferie-zimowe-w-gorach.pl","isPartOf":{"@id":"http:\/\/ferie-zimowe-w-gorach.pl\/#website"},"primaryImageOfPage":{"@id":"http:\/\/ferie-zimowe-w-gorach.pl\/#primaryimage"},"image":{"@id":"http:\/\/ferie-zimowe-w-gorach.pl\/#primaryimage"},"thumbnailUrl":"http:\/\/ferie-zimowe-w-gorach.pl\/wp-content\/uploads\/2024\/10\/bradley-O8ow8TVrK1o-unsplash-768x1024.jpg","datePublished":"2024-10-31T08:53:51+00:00","dateModified":"2024-10-31T09:03:39+00:00","description":"Ferie zimowe w g\u00f3rach to czas, kiedy polskie g\u00f3ry zamieniaj\u0105 si\u0119 w krain\u0119 bieli, a powietrze nasyca si\u0119 aromatem cynamonu i grzanego wina.","breadcrumb":{"@id":"http:\/\/ferie-zimowe-w-gorach.pl\/#breadcrumb"},"inLanguage":"pl-PL","potentialAction":[{"@type":"ReadAction","target":["http:\/\/ferie-zimowe-w-gorach.pl\/"]}]},{"@type":"ImageObject","inLanguage":"pl-PL","@id":"http:\/\/ferie-zimowe-w-gorach.pl\/#primaryimage","url":"https:\/\/ferie-zimowe-w-gorach.pl\/wp-content\/uploads\/2024\/10\/bradley-O8ow8TVrK1o-unsplash-scaled.jpg","contentUrl":"https:\/\/ferie-zimowe-w-gorach.pl\/wp-content\/uploads\/2024\/10\/bradley-O8ow8TVrK1o-unsplash-scaled.jpg","width":1920,"height":2560,"caption":"zima w g\u00f3rach"},{"@type":"BreadcrumbList","@id":"http:\/\/ferie-zimowe-w-gorach.pl\/#breadcrumb","itemListElement":[{"@type":"ListItem","position":1,"name":"Strona g\u0142\u00f3wna","item":"http:\/\/ferie-zimowe-w-gorach.pl\/"},{"@type":"ListItem","position":2,"name":"Ferie zimowe w g\u00f3rach"}]},{"@type":"WebSite","@id":"http:\/\/ferie-zimowe-w-gorach.pl\/#website","url":"http:\/\/ferie-zimowe-w-gorach.pl\/","name":"ferie-zimowe-w-gorach.pl","description":"Ferie zimowe w g&oacute;rach &ndash; magia w Szklarskiej Por\u0119bie","potentialAction":[{"@type":"SearchAction","target":{"@type":"EntryPoint","urlTemplate":"http:\/\/ferie-zimowe-w-gorach.pl\/?s={search_term_string}"},"query-input":{"@type":"PropertyValueSpecification","valueRequired":true,"valueName":"search_term_string"}}],"inLanguage":"pl-PL"}]}},"_links":{"self":[{"href":"https:\/\/ferie-zimowe-w-gorach.pl\/index.php\/wp-json\/wp\/v2\/pages\/9"}],"collection":[{"href":"https:\/\/ferie-zimowe-w-gorach.pl\/index.php\/wp-json\/wp\/v2\/pages"}],"about":[{"href":"https:\/\/ferie-zimowe-w-gorach.pl\/index.php\/wp-json\/wp\/v2\/types\/page"}],"author":[{"embeddable":true,"href":"https:\/\/ferie-zimowe-w-gorach.pl\/index.php\/wp-json\/wp\/v2\/users\/1"}],"replies":[{"embeddable":true,"href":"https:\/\/ferie-zimowe-w-gorach.pl\/index.php\/wp-json\/wp\/v2\/comments?post=9"}],"version-history":[{"count":2,"href":"https:\/\/ferie-zimowe-w-gorach.pl\/index.php\/wp-json\/wp\/v2\/pages\/9\/revisions"}],"predecessor-version":[{"id":32,"href":"https:\/\/ferie-zimowe-w-gorach.pl\/index.php\/wp-json\/wp\/v2\/pages\/9\/revisions\/32"}],"wp:attachment":[{"href":"https:\/\/ferie-zimowe-w-gorach.pl\/index.php\/wp-json\/wp\/v2\/media?parent=9"}],"curies":[{"name":"wp","href":"https:\/\/api.w.org\/{rel}","templated":true}]}}